{"version":"1.0","type":"rich","provider_name":"Notre Nation Journal en ligne au Mali","provider_url":"https:\/\/notrenation.com","title":"Mali\u00a0: Quatre ans apr\u00e8s les sanctions de la \u003Cspan class=\"caps\"\u003ECEDEAO\u003C\/span\u003E ","author_name":"Assane Kon\u00e9","width":"600","height":"400","url":"http:\/\/notrenation.com\/Mali-Quatre-ans-apres-les-sanctions-de-la-CEDEAO","html":"\u003Ch4 class='title'\u003E\u003Ca href='http:\/\/notrenation.com\/Mali-Quatre-ans-apres-les-sanctions-de-la-CEDEAO'\u003EMali\u00a0: Quatre ans apr\u00e8s les sanctions de la \u003Cspan class=\"caps\"\u003ECEDEAO\u003C\/span\u003E \u003C\/a\u003E\u003C\/h4\u003E\u003Cblockquote class='spip'\u003E\n\u003Cp\u003ELe 14\u00a0janvier s\u2019impose comme un symbole de r\u00e9sistance nationale. \n\u003Cbr class='autobr' \/\u003E\n Le 14\u00a0janvier 2022, sous le poids des sanctions de la \u003Cspan class=\"caps\"\u003ECEDEAO\u003C\/span\u003E, le Mali semblait au bord de l\u2019asphyxie. Depuis, cette date est devenue celle de la \u00ab\u003Csmall class=\"fine d-inline\"\u003E\u00a0\u003C\/small\u003Esouverainet\u00e9 retrouv\u00e9e\u003Csmall class=\"fine d-inline\"\u003E\u00a0\u003C\/small\u003E\u00bb. La comm\u00e9moration du 14\u00a0janvier r\u00e9v\u00e8le les d\u00e9fis d\u2019un pays qui cherche \u00e0 se reconstruire autour de la dignit\u00e9, tout en s\u2019interrogeant sur le prix r\u00e9el de sa souverainet\u00e9. \n\u003Cbr class='autobr' \/\u003E\n Quatre ans apr\u00e8s les sanctions \u00e9conomiques \u00ab\u003Csmall class=\"fine d-inline\"\u003E\u00a0\u003C\/small\u003Eill\u00e9gales, ill\u00e9gitimes et inhumaines\u00a0(\u2026)\u003C\/p\u003E\n\u003C\/blockquote\u003E\n"}